{"id":5468,"date":"2019-04-05T11:45:02","date_gmt":"2019-04-05T11:45:02","guid":{"rendered":"https:\/\/estudiodaes.es\/?page_id=5468"},"modified":"2026-02-02T13:00:01","modified_gmt":"2026-02-02T13:00:01","slug":"proyectos-de-interiorismo-y-decoracion","status":"publish","type":"page","link":"https:\/\/estudiodaes.es\/en\/proyectos-de-interiorismo-y-decoracion\/","title":{"rendered":"INTERIOR DESIGN PROJECTS"},"content":{"rendered":"<div class=\"container section-title-container\" ><h3 class=\"section-title section-title-normal\"><b><\/b><span class=\"section-title-main\" >Proyectos de Interiorismo<\/span><b><\/b><\/h3><\/div><!-- .section-title -->\n<div id=\"portfolio-1038682703\" class=\"portfolio-element-wrapper has-filtering\">  <div class=\"container mb-half\">\n  <ul class=\"nav nav-true nav-center nav-line nav-uppercase filter-nav\">\n    <li class=\"active\"><a href=\"#\" data-filter=\"[data-id]\">All<\/a><\/li>\n    <li><a href=\"#\" data-filter=\"[data-id*='Comercial']\">Comercial<\/a><\/li><li><a href=\"#\" data-filter=\"[data-id*='Residencial']\">Residencial<\/a><\/li><li><a href=\"#\" data-filter=\"[data-id*='Viviendas']\">Viviendas<\/a><\/li>  <\/ul>\n  <\/div>\n  \n  \n    <div id=\"portfolio-1038682703\" class=\"row row-isotope large-columns-4 medium-columns- small-columns-2 row-small row-masonry\" data-packery-options='{\"itemSelector\": \".col\", \"gutter\": 0, \"presentageWidth\" : true}'>\n\n              <div class=\"col\" data-id=\"Viviendas\" >\n          <div class=\"col-inner\" >\n          <a href=\"https:\/\/estudiodaes.es\/en\/proyectos-old\/proyecto-viviendas\/casa-sorni\/\" class=\"plain \">\n          <div class=\"portfolio-box box has-hover\">\n            <div class=\"box-image\" >\n                <div class=\"image-cover\"style=\"padding-top:100%;\">\n                <img loading=\"lazy\" decoding=\"async\" width=\"599\" height=\"400\" src=\"https:\/\/estudiodaes.es\/wp-content\/uploads\/2025\/10\/estudiodaes-sorni-mariamira-12-copia-599x400.jpg\" class=\"attachment-medium size-medium\" alt=\"Mesa comedor\" srcset=\"https:\/\/estudiodaes.es\/wp-content\/uploads\/2025\/10\/estudiodaes-sorni-mariamira-12-copia-599x400.jpg 599w, https:\/\/estudiodaes.es\/wp-content\/uploads\/2025\/10\/estudiodaes-sorni-mariamira-12-copia-768x513.jpg 768w, https:\/\/estudiodaes.es\/wp-content\/uploads\/2025\/10\/estudiodaes-sorni-mariamira-12-copia-18x12.jpg 18w, https:\/\/estudiodaes.es\/wp-content\/uploads\/2025\/10\/estudiodaes-sorni-mariamira-12-copia.jpg 800w\" sizes=\"auto, (max-width: 599px) 100vw, 599px\" title=\"\">                                                <\/div>\n            <\/div><!-- box-image -->\n            <div class=\"box-text text-center\" >\n                  <div class=\"box-text-inner\">\n                      <h6 class=\"uppercase portfolio-box-title\">CASA SORN\u00cd<\/h6>\n                      <p class=\"uppercase portfolio-box-category is-xsmall op-6\">\n                        <span class=\"show-on-hover\">\n                         Viviendas                        <\/span>\n                      <\/p>\n                  <\/div><!-- box-text-inner -->\n            <\/div><!-- box-text -->\n           <\/div><!-- .box  -->\n           <\/a>\n           <\/div><!-- .col-inner -->\n           <\/div><!-- .col -->\n                    <div class=\"col\" data-id=\"Comercial\" >\n          <div class=\"col-inner\" >\n          <a href=\"https:\/\/estudiodaes.es\/en\/proyectos-old\/proyecto-comercial\/oficinas-eyb-proyecto-integral\/\" class=\"plain \">\n          <div class=\"portfolio-box box has-hover\">\n            <div class=\"box-image\" >\n                <div class=\"image-cover\"style=\"padding-top:100%;\">\n                <img loading=\"lazy\" decoding=\"async\" width=\"600\" height=\"400\" src=\"https:\/\/estudiodaes.es\/wp-content\/uploads\/2025\/07\/daes-oficinas-eyb-mariamira-19-600x400.jpg\" class=\"attachment-medium size-medium\" alt=\"proyecto integral oficina, lobby de la oficina con sof\u00e1s blancos\" srcset=\"https:\/\/estudiodaes.es\/wp-content\/uploads\/2025\/07\/daes-oficinas-eyb-mariamira-19-600x400.jpg 600w, https:\/\/estudiodaes.es\/wp-content\/uploads\/2025\/07\/daes-oficinas-eyb-mariamira-19-1199x800.jpg 1199w, https:\/\/estudiodaes.es\/wp-content\/uploads\/2025\/07\/daes-oficinas-eyb-mariamira-19-768x512.jpg 768w, https:\/\/estudiodaes.es\/wp-content\/uploads\/2025\/07\/daes-oficinas-eyb-mariamira-19-1536x1025.jpg 1536w, https:\/\/estudiodaes.es\/wp-content\/uploads\/2025\/07\/daes-oficinas-eyb-mariamira-19-18x12.jpg 18w, https:\/\/estudiodaes.es\/wp-content\/uploads\/2025\/07\/daes-oficinas-eyb-mariamira-19.jpg 2000w\" sizes=\"auto, (max-width: 600px) 100vw, 600px\" title=\"\">                                                <\/div>\n            <\/div><!-- box-image -->\n            <div class=\"box-text text-center\" >\n                  <div class=\"box-text-inner\">\n                      <h6 class=\"uppercase portfolio-box-title\">PROYECTO INTEGRAL. OFICINAS EYB<\/h6>\n                      <p class=\"uppercase portfolio-box-category is-xsmall op-6\">\n                        <span class=\"show-on-hover\">\n                         Comercial                        <\/span>\n                      <\/p>\n                  <\/div><!-- box-text-inner -->\n            <\/div><!-- box-text -->\n           <\/div><!-- .box  -->\n           <\/a>\n           <\/div><!-- .col-inner -->\n           <\/div><!-- .col -->\n                    <div class=\"col\" data-id=\"Residencial\" >\n          <div class=\"col-inner\" >\n          <a href=\"https:\/\/estudiodaes.es\/en\/proyectos-old\/residencial\/estilo-ingles\/\" class=\"plain \">\n          <div class=\"portfolio-box box has-hover\">\n            <div class=\"box-image\" >\n                <div class=\"image-cover\"style=\"padding-top:100%;\">\n                <img loading=\"lazy\" decoding=\"async\" width=\"600\" height=\"400\" src=\"https:\/\/estudiodaes.es\/wp-content\/uploads\/2024\/12\/cocina-daes-mariamira-17-600x400.jpg\" class=\"attachment-medium size-medium\" alt=\"Cocina salon estilo ingles\" srcset=\"https:\/\/estudiodaes.es\/wp-content\/uploads\/2024\/12\/cocina-daes-mariamira-17-600x400.jpg 600w, https:\/\/estudiodaes.es\/wp-content\/uploads\/2024\/12\/cocina-daes-mariamira-17-1200x800.jpg 1200w, https:\/\/estudiodaes.es\/wp-content\/uploads\/2024\/12\/cocina-daes-mariamira-17-768x512.jpg 768w, https:\/\/estudiodaes.es\/wp-content\/uploads\/2024\/12\/cocina-daes-mariamira-17-1536x1024.jpg 1536w, https:\/\/estudiodaes.es\/wp-content\/uploads\/2024\/12\/cocina-daes-mariamira-17-2048x1366.jpg 2048w\" sizes=\"auto, (max-width: 600px) 100vw, 600px\" title=\"\">                                                <\/div>\n            <\/div><!-- box-image -->\n            <div class=\"box-text text-center\" >\n                  <div class=\"box-text-inner\">\n                      <h6 class=\"uppercase portfolio-box-title\">ESTILO INGL\u00c9S<\/h6>\n                      <p class=\"uppercase portfolio-box-category is-xsmall op-6\">\n                        <span class=\"show-on-hover\">\n                         Residencial                        <\/span>\n                      <\/p>\n                  <\/div><!-- box-text-inner -->\n            <\/div><!-- box-text -->\n           <\/div><!-- .box  -->\n           <\/a>\n           <\/div><!-- .col-inner -->\n           <\/div><!-- .col -->\n                    <div class=\"col\" data-id=\"Residencial, Viviendas\" >\n          <div class=\"col-inner\" >\n          <a href=\"https:\/\/estudiodaes.es\/en\/proyectos-old\/residencial,proyecto-viviendas\/apartamentos-turisticos-promotur-suites\/\" class=\"plain \">\n          <div class=\"portfolio-box box has-hover\">\n            <div class=\"box-image\" >\n                <div class=\"image-cover\"style=\"padding-top:100%;\">\n                <img loading=\"lazy\" decoding=\"async\" width=\"600\" height=\"400\" src=\"https:\/\/estudiodaes.es\/wp-content\/uploads\/2024\/06\/Cama-Apartamento-turistico-promotur-suites-600x400.jpg\" class=\"attachment-medium size-medium\" alt=\"Cojines Gancedo en cama con papel pintado\" srcset=\"https:\/\/estudiodaes.es\/wp-content\/uploads\/2024\/06\/Cama-Apartamento-turistico-promotur-suites-600x400.jpg 600w, https:\/\/estudiodaes.es\/wp-content\/uploads\/2024\/06\/Cama-Apartamento-turistico-promotur-suites-768x512.jpg 768w, https:\/\/estudiodaes.es\/wp-content\/uploads\/2024\/06\/Cama-Apartamento-turistico-promotur-suites.jpg 1200w\" sizes=\"auto, (max-width: 600px) 100vw, 600px\" title=\"\">                                                <\/div>\n            <\/div><!-- box-image -->\n            <div class=\"box-text text-center\" >\n                  <div class=\"box-text-inner\">\n                      <h6 class=\"uppercase portfolio-box-title\">APARTAMENTOS TUR\u00cdSTICOS PROMOTUR SUITES<\/h6>\n                      <p class=\"uppercase portfolio-box-category is-xsmall op-6\">\n                        <span class=\"show-on-hover\">\n                         Residencial, Viviendas                        <\/span>\n                      <\/p>\n                  <\/div><!-- box-text-inner -->\n            <\/div><!-- box-text -->\n           <\/div><!-- .box  -->\n           <\/a>\n           <\/div><!-- .col-inner -->\n           <\/div><!-- .col -->\n                    <div class=\"col\" data-id=\"Viviendas\" >\n          <div class=\"col-inner\" >\n          <a href=\"https:\/\/estudiodaes.es\/en\/proyectos-old\/proyecto-viviendas\/vivienda-calixto-iii\/\" class=\"plain \">\n          <div class=\"portfolio-box box has-hover\">\n            <div class=\"box-image\" >\n                <div class=\"image-cover\"style=\"padding-top:100%;\">\n                <img loading=\"lazy\" decoding=\"async\" width=\"600\" height=\"400\" src=\"https:\/\/estudiodaes.es\/wp-content\/uploads\/2024\/01\/daes-calixto-mariamira-1-copia-600x400.jpg\" class=\"attachment-medium size-medium\" alt=\"\" srcset=\"https:\/\/estudiodaes.es\/wp-content\/uploads\/2024\/01\/daes-calixto-mariamira-1-copia-600x400.jpg 600w, https:\/\/estudiodaes.es\/wp-content\/uploads\/2024\/01\/daes-calixto-mariamira-1-copia-1199x800.jpg 1199w, https:\/\/estudiodaes.es\/wp-content\/uploads\/2024\/01\/daes-calixto-mariamira-1-copia-768x512.jpg 768w, https:\/\/estudiodaes.es\/wp-content\/uploads\/2024\/01\/daes-calixto-mariamira-1-copia-1536x1024.jpg 1536w, https:\/\/estudiodaes.es\/wp-content\/uploads\/2024\/01\/daes-calixto-mariamira-1-copia-2048x1366.jpg 2048w\" sizes=\"auto, (max-width: 600px) 100vw, 600px\" title=\"\">                                                <\/div>\n            <\/div><!-- box-image -->\n            <div class=\"box-text text-center\" >\n                  <div class=\"box-text-inner\">\n                      <h6 class=\"uppercase portfolio-box-title\">VIVIENDA CALIXTO III<\/h6>\n                      <p class=\"uppercase portfolio-box-category is-xsmall op-6\">\n                        <span class=\"show-on-hover\">\n                         Viviendas                        <\/span>\n                      <\/p>\n                  <\/div><!-- box-text-inner -->\n            <\/div><!-- box-text -->\n           <\/div><!-- .box  -->\n           <\/a>\n           <\/div><!-- .col-inner -->\n           <\/div><!-- .col -->\n                    <div class=\"col\" data-id=\"Viviendas\" >\n          <div class=\"col-inner\" >\n          <a href=\"https:\/\/estudiodaes.es\/en\/proyectos-old\/proyecto-viviendas\/proyecto-jacinto-benavente\/\" class=\"plain \">\n          <div class=\"portfolio-box box has-hover\">\n            <div class=\"box-image\" >\n                <div class=\"image-cover\"style=\"padding-top:100%;\">\n                <img loading=\"lazy\" decoding=\"async\" width=\"600\" height=\"400\" src=\"https:\/\/estudiodaes.es\/wp-content\/uploads\/2023\/11\/daes-jacintobenavente-mariamira-18-copia-600x400.jpg\" class=\"attachment-medium size-medium\" alt=\"\" srcset=\"https:\/\/estudiodaes.es\/wp-content\/uploads\/2023\/11\/daes-jacintobenavente-mariamira-18-copia-600x400.jpg 600w, https:\/\/estudiodaes.es\/wp-content\/uploads\/2023\/11\/daes-jacintobenavente-mariamira-18-copia-1199x800.jpg 1199w, https:\/\/estudiodaes.es\/wp-content\/uploads\/2023\/11\/daes-jacintobenavente-mariamira-18-copia-768x512.jpg 768w, https:\/\/estudiodaes.es\/wp-content\/uploads\/2023\/11\/daes-jacintobenavente-mariamira-18-copia-1536x1025.jpg 1536w, https:\/\/estudiodaes.es\/wp-content\/uploads\/2023\/11\/daes-jacintobenavente-mariamira-18-copia-2048x1366.jpg 2048w\" sizes=\"auto, (max-width: 600px) 100vw, 600px\" title=\"\">                                                <\/div>\n            <\/div><!-- box-image -->\n            <div class=\"box-text text-center\" >\n                  <div class=\"box-text-inner\">\n                      <h6 class=\"uppercase portfolio-box-title\">PROYECTO JACINTO BENAVENTE<\/h6>\n                      <p class=\"uppercase portfolio-box-category is-xsmall op-6\">\n                        <span class=\"show-on-hover\">\n                         Viviendas                        <\/span>\n                      <\/p>\n                  <\/div><!-- box-text-inner -->\n            <\/div><!-- box-text -->\n           <\/div><!-- .box  -->\n           <\/a>\n           <\/div><!-- .col-inner -->\n           <\/div><!-- .col -->\n                    <div class=\"col\" data-id=\"Comercial\" >\n          <div class=\"col-inner\" >\n          <a href=\"https:\/\/estudiodaes.es\/en\/proyectos-old\/proyecto-comercial\/notaria-plaza-ayuntamiento\/\" class=\"plain \">\n          <div class=\"portfolio-box box has-hover\">\n            <div class=\"box-image\" >\n                <div class=\"image-cover\"style=\"padding-top:100%;\">\n                <img loading=\"lazy\" decoding=\"async\" width=\"600\" height=\"400\" src=\"https:\/\/estudiodaes.es\/wp-content\/uploads\/2023\/10\/daes-moratin-mariamira-1-copia-600x400.jpg\" class=\"attachment-medium size-medium\" alt=\"Notar\u00eda plaza ayuntamiento\" srcset=\"https:\/\/estudiodaes.es\/wp-content\/uploads\/2023\/10\/daes-moratin-mariamira-1-copia-600x400.jpg 600w, https:\/\/estudiodaes.es\/wp-content\/uploads\/2023\/10\/daes-moratin-mariamira-1-copia-1200x800.jpg 1200w, https:\/\/estudiodaes.es\/wp-content\/uploads\/2023\/10\/daes-moratin-mariamira-1-copia-768x512.jpg 768w, https:\/\/estudiodaes.es\/wp-content\/uploads\/2023\/10\/daes-moratin-mariamira-1-copia-1536x1024.jpg 1536w, https:\/\/estudiodaes.es\/wp-content\/uploads\/2023\/10\/daes-moratin-mariamira-1-copia-2048x1366.jpg 2048w\" sizes=\"auto, (max-width: 600px) 100vw, 600px\" title=\"\">                                                <\/div>\n            <\/div><!-- box-image -->\n            <div class=\"box-text text-center\" >\n                  <div class=\"box-text-inner\">\n                      <h6 class=\"uppercase portfolio-box-title\">NOTAR\u00cdA PLAZA AYUNTAMIENTO<\/h6>\n                      <p class=\"uppercase portfolio-box-category is-xsmall op-6\">\n                        <span class=\"show-on-hover\">\n                         Comercial                        <\/span>\n                      <\/p>\n                  <\/div><!-- box-text-inner -->\n            <\/div><!-- box-text -->\n           <\/div><!-- .box  -->\n           <\/a>\n           <\/div><!-- .col-inner -->\n           <\/div><!-- .col -->\n                    <div class=\"col\" data-id=\"Comercial\" >\n          <div class=\"col-inner\" >\n          <a href=\"https:\/\/estudiodaes.es\/en\/proyectos-old\/proyecto-comercial\/cafe-habana\/\" class=\"plain \">\n          <div class=\"portfolio-box box has-hover\">\n            <div class=\"box-image\" >\n                <div class=\"image-cover\"style=\"padding-top:100%;\">\n                <img loading=\"lazy\" decoding=\"async\" width=\"300\" height=\"400\" src=\"https:\/\/estudiodaes.es\/wp-content\/uploads\/2023\/05\/AnyConv.com__IMG_0369-300x400.jpg\" class=\"attachment-medium size-medium\" alt=\"\" srcset=\"https:\/\/estudiodaes.es\/wp-content\/uploads\/2023\/05\/AnyConv.com__IMG_0369-300x400.jpg 300w, https:\/\/estudiodaes.es\/wp-content\/uploads\/2023\/05\/AnyConv.com__IMG_0369-600x800.jpg 600w, https:\/\/estudiodaes.es\/wp-content\/uploads\/2023\/05\/AnyConv.com__IMG_0369-768x1024.jpg 768w, https:\/\/estudiodaes.es\/wp-content\/uploads\/2023\/05\/AnyConv.com__IMG_0369-1152x1536.jpg 1152w, https:\/\/estudiodaes.es\/wp-content\/uploads\/2023\/05\/AnyConv.com__IMG_0369-1536x2048.jpg 1536w, https:\/\/estudiodaes.es\/wp-content\/uploads\/2023\/05\/AnyConv.com__IMG_0369-scaled.jpg 1920w\" sizes=\"auto, (max-width: 300px) 100vw, 300px\" title=\"\">                                                <\/div>\n            <\/div><!-- box-image -->\n            <div class=\"box-text text-center\" >\n                  <div class=\"box-text-inner\">\n                      <h6 class=\"uppercase portfolio-box-title\">CAF\u00c9 HABANA<\/h6>\n                      <p class=\"uppercase portfolio-box-category is-xsmall op-6\">\n                        <span class=\"show-on-hover\">\n                         Comercial                        <\/span>\n                      <\/p>\n                  <\/div><!-- box-text-inner -->\n            <\/div><!-- box-text -->\n           <\/div><!-- .box  -->\n           <\/a>\n           <\/div><!-- .col-inner -->\n           <\/div><!-- .col -->\n                    <div class=\"col\" data-id=\"Viviendas\" >\n          <div class=\"col-inner\" >\n          <a href=\"https:\/\/estudiodaes.es\/en\/proyectos-old\/proyecto-viviendas\/vivienda-en-barrio-nou-moles-valencia\/\" class=\"plain \">\n          <div class=\"portfolio-box box has-hover\">\n            <div class=\"box-image\" >\n                <div class=\"image-cover\"style=\"padding-top:100%;\">\n                <img loading=\"lazy\" decoding=\"async\" width=\"600\" height=\"400\" src=\"https:\/\/estudiodaes.es\/wp-content\/uploads\/2022\/03\/Nou-Moles-salon-600x400.jpg\" class=\"attachment-medium size-medium\" alt=\"Sal\u00f3n con sof\u00e1s blancos\" srcset=\"https:\/\/estudiodaes.es\/wp-content\/uploads\/2022\/03\/Nou-Moles-salon-600x400.jpg 600w, https:\/\/estudiodaes.es\/wp-content\/uploads\/2022\/03\/Nou-Moles-salon-1200x800.jpg 1200w, https:\/\/estudiodaes.es\/wp-content\/uploads\/2022\/03\/Nou-Moles-salon-768x512.jpg 768w, https:\/\/estudiodaes.es\/wp-content\/uploads\/2022\/03\/Nou-Moles-salon.jpg 1500w\" sizes=\"auto, (max-width: 600px) 100vw, 600px\" title=\"\">                                                <\/div>\n            <\/div><!-- box-image -->\n            <div class=\"box-text text-center\" >\n                  <div class=\"box-text-inner\">\n                      <h6 class=\"uppercase portfolio-box-title\">VIVIENDA EN BARRIO NOU MOLES VALENCIA<\/h6>\n                      <p class=\"uppercase portfolio-box-category is-xsmall op-6\">\n                        <span class=\"show-on-hover\">\n                         Viviendas                        <\/span>\n                      <\/p>\n                  <\/div><!-- box-text-inner -->\n            <\/div><!-- box-text -->\n           <\/div><!-- .box  -->\n           <\/a>\n           <\/div><!-- .col-inner -->\n           <\/div><!-- .col -->\n                    <div class=\"col\" data-id=\"Comercial\" >\n          <div class=\"col-inner\" >\n          <a href=\"https:\/\/estudiodaes.es\/en\/proyectos-old\/proyecto-comercial\/tienda-sesderma-madrid\/\" class=\"plain \">\n          <div class=\"portfolio-box box has-hover\">\n            <div class=\"box-image\" >\n                <div class=\"image-cover\"style=\"padding-top:100%;\">\n                <img loading=\"lazy\" decoding=\"async\" width=\"447\" height=\"400\" src=\"https:\/\/estudiodaes.es\/wp-content\/uploads\/2022\/02\/Tienda-sesderma-en-el-centro-de-Madrid-6-447x400.jpg\" class=\"attachment-medium size-medium\" alt=\"fachada sesderma tienda\" srcset=\"https:\/\/estudiodaes.es\/wp-content\/uploads\/2022\/02\/Tienda-sesderma-en-el-centro-de-Madrid-6-447x400.jpg 447w, https:\/\/estudiodaes.es\/wp-content\/uploads\/2022\/02\/Tienda-sesderma-en-el-centro-de-Madrid-6-895x800.jpg 895w, https:\/\/estudiodaes.es\/wp-content\/uploads\/2022\/02\/Tienda-sesderma-en-el-centro-de-Madrid-6-768x687.jpg 768w, https:\/\/estudiodaes.es\/wp-content\/uploads\/2022\/02\/Tienda-sesderma-en-el-centro-de-Madrid-6.jpg 984w\" sizes=\"auto, (max-width: 447px) 100vw, 447px\" title=\"\">                                                <\/div>\n            <\/div><!-- box-image -->\n            <div class=\"box-text text-center\" >\n                  <div class=\"box-text-inner\">\n                      <h6 class=\"uppercase portfolio-box-title\">TIENDA SESDERMA EN EL CENTRO DE MADRID<\/h6>\n                      <p class=\"uppercase portfolio-box-category is-xsmall op-6\">\n                        <span class=\"show-on-hover\">\n                         Comercial                        <\/span>\n                      <\/p>\n                  <\/div><!-- box-text-inner -->\n            <\/div><!-- box-text -->\n           <\/div><!-- .box  -->\n           <\/a>\n           <\/div><!-- .col-inner -->\n           <\/div><!-- .col -->\n                    <div class=\"col\" data-id=\"Viviendas\" >\n          <div class=\"col-inner\" >\n          <a href=\"https:\/\/estudiodaes.es\/en\/proyectos-old\/proyecto-viviendas\/vivienda-barrio-de-quatre-carreres\/\" class=\"plain \">\n          <div class=\"portfolio-box box has-hover\">\n            <div class=\"box-image\" >\n                <div class=\"image-cover\"style=\"padding-top:100%;\">\n                <img loading=\"lazy\" decoding=\"async\" width=\"400\" height=\"400\" src=\"https:\/\/estudiodaes.es\/wp-content\/uploads\/2021\/07\/Vivienda-barrio-de-quatre-carreres-400x400.jpg\" class=\"attachment-medium size-medium\" alt=\"mesa cocina y salon\" srcset=\"https:\/\/estudiodaes.es\/wp-content\/uploads\/2021\/07\/Vivienda-barrio-de-quatre-carreres-400x400.jpg 400w, https:\/\/estudiodaes.es\/wp-content\/uploads\/2021\/07\/Vivienda-barrio-de-quatre-carreres-280x280.jpg 280w, https:\/\/estudiodaes.es\/wp-content\/uploads\/2021\/07\/Vivienda-barrio-de-quatre-carreres.jpg 667w\" sizes=\"auto, (max-width: 400px) 100vw, 400px\" title=\"\">                                                <\/div>\n            <\/div><!-- box-image -->\n            <div class=\"box-text text-center\" >\n                  <div class=\"box-text-inner\">\n                      <h6 class=\"uppercase portfolio-box-title\">VIVIENDA BARRIO DE QUATRE CARRERES<\/h6>\n                      <p class=\"uppercase portfolio-box-category is-xsmall op-6\">\n                        <span class=\"show-on-hover\">\n                         Viviendas                        <\/span>\n                      <\/p>\n                  <\/div><!-- box-text-inner -->\n            <\/div><!-- box-text -->\n           <\/div><!-- .box  -->\n           <\/a>\n           <\/div><!-- .col-inner -->\n           <\/div><!-- .col -->\n                    <div class=\"col\" data-id=\"Residencial\" >\n          <div class=\"col-inner\" >\n          <a href=\"https:\/\/estudiodaes.es\/en\/proyectos-old\/residencial\/proyecto-en-proceso-quartell\/\" class=\"plain \">\n          <div class=\"portfolio-box box has-hover\">\n            <div class=\"box-image\" >\n                <div class=\"image-cover\"style=\"padding-top:100%;\">\n                <img loading=\"lazy\" decoding=\"async\" width=\"400\" height=\"400\" src=\"https:\/\/estudiodaes.es\/wp-content\/uploads\/2021\/03\/estructura-arquitectura-estudioda-1-400x400.jpg\" class=\"attachment-medium size-medium\" alt=\"Foto portada estructura proyecto estudiodaes\" srcset=\"https:\/\/estudiodaes.es\/wp-content\/uploads\/2021\/03\/estructura-arquitectura-estudioda-1-400x400.jpg 400w, https:\/\/estudiodaes.es\/wp-content\/uploads\/2021\/03\/estructura-arquitectura-estudioda-1-800x800.jpg 800w, https:\/\/estudiodaes.es\/wp-content\/uploads\/2021\/03\/estructura-arquitectura-estudioda-1-280x280.jpg 280w, https:\/\/estudiodaes.es\/wp-content\/uploads\/2021\/03\/estructura-arquitectura-estudioda-1-768x768.jpg 768w, https:\/\/estudiodaes.es\/wp-content\/uploads\/2021\/03\/estructura-arquitectura-estudioda-1.jpg 1512w\" sizes=\"auto, (max-width: 400px) 100vw, 400px\" title=\"\">                                                <\/div>\n            <\/div><!-- box-image -->\n            <div class=\"box-text text-center\" >\n                  <div class=\"box-text-inner\">\n                      <h6 class=\"uppercase portfolio-box-title\">PROYECTO EN PROCESO &#8211; QUARTELL<\/h6>\n                      <p class=\"uppercase portfolio-box-category is-xsmall op-6\">\n                        <span class=\"show-on-hover\">\n                         Residencial                        <\/span>\n                      <\/p>\n                  <\/div><!-- box-text-inner -->\n            <\/div><!-- box-text -->\n           <\/div><!-- .box  -->\n           <\/a>\n           <\/div><!-- .col-inner -->\n           <\/div><!-- .col -->\n                    <div class=\"col\" data-id=\"Residencial\" >\n          <div class=\"col-inner\" >\n          <a href=\"https:\/\/estudiodaes.es\/en\/proyectos-old\/residencial\/proyecto-en-proceso\/\" class=\"plain \">\n          <div class=\"portfolio-box box has-hover\">\n            <div class=\"box-image\" >\n                <div class=\"image-cover\"style=\"padding-top:100%;\">\n                <img loading=\"lazy\" decoding=\"async\" width=\"400\" height=\"400\" src=\"https:\/\/estudiodaes.es\/wp-content\/uploads\/2021\/03\/proyecto-en-curso-400x400.jpg\" class=\"attachment-medium size-medium\" alt=\"\" srcset=\"https:\/\/estudiodaes.es\/wp-content\/uploads\/2021\/03\/proyecto-en-curso-400x400.jpg 400w, https:\/\/estudiodaes.es\/wp-content\/uploads\/2021\/03\/proyecto-en-curso-800x800.jpg 800w, https:\/\/estudiodaes.es\/wp-content\/uploads\/2021\/03\/proyecto-en-curso-280x280.jpg 280w, https:\/\/estudiodaes.es\/wp-content\/uploads\/2021\/03\/proyecto-en-curso-768x768.jpg 768w, https:\/\/estudiodaes.es\/wp-content\/uploads\/2021\/03\/proyecto-en-curso-1536x1536.jpg 1536w, https:\/\/estudiodaes.es\/wp-content\/uploads\/2021\/03\/proyecto-en-curso-2048x2048.jpg 2048w\" sizes=\"auto, (max-width: 400px) 100vw, 400px\" title=\"\">                                                <\/div>\n            <\/div><!-- box-image -->\n            <div class=\"box-text text-center\" >\n                  <div class=\"box-text-inner\">\n                      <h6 class=\"uppercase portfolio-box-title\">PROYECTO EN PROCESO\u2026<\/h6>\n                      <p class=\"uppercase portfolio-box-category is-xsmall op-6\">\n                        <span class=\"show-on-hover\">\n                         Residencial                        <\/span>\n                      <\/p>\n                  <\/div><!-- box-text-inner -->\n            <\/div><!-- box-text -->\n           <\/div><!-- .box  -->\n           <\/a>\n           <\/div><!-- .col-inner -->\n           <\/div><!-- .col -->\n                    <div class=\"col\" data-id=\"Comercial\" >\n          <div class=\"col-inner\" >\n          <a href=\"https:\/\/estudiodaes.es\/en\/proyectos-old\/proyecto-comercial\/clinica-medica-doctor-gabriel-serrano\/\" class=\"plain \">\n          <div class=\"portfolio-box box has-hover\">\n            <div class=\"box-image\" >\n                <div class=\"image-cover\"style=\"padding-top:100%;\">\n                <img loading=\"lazy\" decoding=\"async\" width=\"400\" height=\"400\" src=\"https:\/\/estudiodaes.es\/wp-content\/uploads\/2020\/12\/estudio-daes-clinica-serrano-64-1-400x400.jpg\" class=\"attachment-medium size-medium\" alt=\"\" srcset=\"https:\/\/estudiodaes.es\/wp-content\/uploads\/2020\/12\/estudio-daes-clinica-serrano-64-1-400x400.jpg 400w, https:\/\/estudiodaes.es\/wp-content\/uploads\/2020\/12\/estudio-daes-clinica-serrano-64-1-800x800.jpg 800w, https:\/\/estudiodaes.es\/wp-content\/uploads\/2020\/12\/estudio-daes-clinica-serrano-64-1-280x280.jpg 280w, https:\/\/estudiodaes.es\/wp-content\/uploads\/2020\/12\/estudio-daes-clinica-serrano-64-1-768x768.jpg 768w, https:\/\/estudiodaes.es\/wp-content\/uploads\/2020\/12\/estudio-daes-clinica-serrano-64-1.jpg 1500w\" sizes=\"auto, (max-width: 400px) 100vw, 400px\" title=\"\">                                                <\/div>\n            <\/div><!-- box-image -->\n            <div class=\"box-text text-center\" >\n                  <div class=\"box-text-inner\">\n                      <h6 class=\"uppercase portfolio-box-title\">CL\u00cdNICA M\u00c9DICA DOCTOR GABRIEL SERRANO<\/h6>\n                      <p class=\"uppercase portfolio-box-category is-xsmall op-6\">\n                        <span class=\"show-on-hover\">\n                         Comercial                        <\/span>\n                      <\/p>\n                  <\/div><!-- box-text-inner -->\n            <\/div><!-- box-text -->\n           <\/div><!-- .box  -->\n           <\/a>\n           <\/div><!-- .col-inner -->\n           <\/div><!-- .col -->\n                    <div class=\"col\" data-id=\"Viviendas\" >\n          <div class=\"col-inner\" >\n          <a href=\"https:\/\/estudiodaes.es\/en\/proyectos-old\/proyecto-viviendas\/vivienda-barrio-de-jesus\/\" class=\"plain \">\n          <div class=\"portfolio-box box has-hover\">\n            <div class=\"box-image\" >\n                <div class=\"image-cover\"style=\"padding-top:100%;\">\n                <img loading=\"lazy\" decoding=\"async\" width=\"400\" height=\"400\" src=\"https:\/\/estudiodaes.es\/wp-content\/uploads\/2020\/08\/Dormitorio-principal-vivienda-barrio-Jesus-proyecto-Estudiodaes-1-1-400x400.jpg\" class=\"attachment-medium size-medium\" alt=\"cama con dos sillas en habitacion principal\" srcset=\"https:\/\/estudiodaes.es\/wp-content\/uploads\/2020\/08\/Dormitorio-principal-vivienda-barrio-Jesus-proyecto-Estudiodaes-1-1-400x400.jpg 400w, https:\/\/estudiodaes.es\/wp-content\/uploads\/2020\/08\/Dormitorio-principal-vivienda-barrio-Jesus-proyecto-Estudiodaes-1-1-280x280.jpg 280w, https:\/\/estudiodaes.es\/wp-content\/uploads\/2020\/08\/Dormitorio-principal-vivienda-barrio-Jesus-proyecto-Estudiodaes-1-1-300x300.jpg 300w, https:\/\/estudiodaes.es\/wp-content\/uploads\/2020\/08\/Dormitorio-principal-vivienda-barrio-Jesus-proyecto-Estudiodaes-1-1-100x100.jpg 100w, https:\/\/estudiodaes.es\/wp-content\/uploads\/2020\/08\/Dormitorio-principal-vivienda-barrio-Jesus-proyecto-Estudiodaes-1-1.jpg 533w\" sizes=\"auto, (max-width: 400px) 100vw, 400px\" title=\"\">                                                <\/div>\n            <\/div><!-- box-image -->\n            <div class=\"box-text text-center\" >\n                  <div class=\"box-text-inner\">\n                      <h6 class=\"uppercase portfolio-box-title\">VIVIENDA BARRIO DE JES\u00daS<\/h6>\n                      <p class=\"uppercase portfolio-box-category is-xsmall op-6\">\n                        <span class=\"show-on-hover\">\n                         Viviendas                        <\/span>\n                      <\/p>\n                  <\/div><!-- box-text-inner -->\n            <\/div><!-- box-text -->\n           <\/div><!-- .box  -->\n           <\/a>\n           <\/div><!-- .col-inner -->\n           <\/div><!-- .col -->\n                    <div class=\"col\" data-id=\"Viviendas\" >\n          <div class=\"col-inner\" >\n          <a href=\"https:\/\/estudiodaes.es\/en\/proyectos-old\/proyecto-viviendas\/apartamento-en-benicassim\/\" class=\"plain \">\n          <div class=\"portfolio-box box has-hover\">\n            <div class=\"box-image\" >\n                <div class=\"image-cover\"style=\"padding-top:100%;\">\n                <img loading=\"lazy\" decoding=\"async\" width=\"400\" height=\"400\" src=\"https:\/\/estudiodaes.es\/wp-content\/uploads\/2019\/03\/terraza-apartamento-benicassim-proyecto-estudiodaes-01-estudiodaes-400x400.jpg\" class=\"attachment-medium size-medium\" alt=\"terraza del proyecto de interiorismo de atico en benicassim\" srcset=\"https:\/\/estudiodaes.es\/wp-content\/uploads\/2019\/03\/terraza-apartamento-benicassim-proyecto-estudiodaes-01-estudiodaes-400x400.jpg 400w, https:\/\/estudiodaes.es\/wp-content\/uploads\/2019\/03\/terraza-apartamento-benicassim-proyecto-estudiodaes-01-estudiodaes-280x280.jpg 280w, https:\/\/estudiodaes.es\/wp-content\/uploads\/2019\/03\/terraza-apartamento-benicassim-proyecto-estudiodaes-01-estudiodaes-768x768.jpg 768w, https:\/\/estudiodaes.es\/wp-content\/uploads\/2019\/03\/terraza-apartamento-benicassim-proyecto-estudiodaes-01-estudiodaes-800x800.jpg 800w, https:\/\/estudiodaes.es\/wp-content\/uploads\/2019\/03\/terraza-apartamento-benicassim-proyecto-estudiodaes-01-estudiodaes-300x300.jpg 300w, https:\/\/estudiodaes.es\/wp-content\/uploads\/2019\/03\/terraza-apartamento-benicassim-proyecto-estudiodaes-01-estudiodaes-600x600.jpg 600w, https:\/\/estudiodaes.es\/wp-content\/uploads\/2019\/03\/terraza-apartamento-benicassim-proyecto-estudiodaes-01-estudiodaes-100x100.jpg 100w, https:\/\/estudiodaes.es\/wp-content\/uploads\/2019\/03\/terraza-apartamento-benicassim-proyecto-estudiodaes-01-estudiodaes.jpg 1000w\" sizes=\"auto, (max-width: 400px) 100vw, 400px\" title=\"\">                                                <\/div>\n            <\/div><!-- box-image -->\n            <div class=\"box-text text-center\" >\n                  <div class=\"box-text-inner\">\n                      <h6 class=\"uppercase portfolio-box-title\">\u00c1TICO EN BENICASSIM<\/h6>\n                      <p class=\"uppercase portfolio-box-category is-xsmall op-6\">\n                        <span class=\"show-on-hover\">\n                         Viviendas                        <\/span>\n                      <\/p>\n                  <\/div><!-- box-text-inner -->\n            <\/div><!-- box-text -->\n           <\/div><!-- .box  -->\n           <\/a>\n           <\/div><!-- .col-inner -->\n           <\/div><!-- .col -->\n                    <div class=\"col\" data-id=\"Viviendas\" >\n          <div class=\"col-inner\" >\n          <a href=\"https:\/\/estudiodaes.es\/en\/proyectos-old\/proyecto-viviendas\/apartamento\/\" class=\"plain \">\n          <div class=\"portfolio-box box has-hover\">\n            <div class=\"box-image\" >\n                <div class=\"image-cover\"style=\"padding-top:100%;\">\n                <img loading=\"lazy\" decoding=\"async\" width=\"400\" height=\"400\" src=\"https:\/\/estudiodaes.es\/wp-content\/uploads\/2019\/03\/apartamento-calle-sueca-valencia-008-estudiodaes-400x400.jpg\" class=\"attachment-medium size-medium\" alt=\"Detalle de la vista de la cocina integrada en el sal\u00f3n en el proyecto de interiorismo del apartamento e n Valencia\" srcset=\"https:\/\/estudiodaes.es\/wp-content\/uploads\/2019\/03\/apartamento-calle-sueca-valencia-008-estudiodaes-400x400.jpg 400w, https:\/\/estudiodaes.es\/wp-content\/uploads\/2019\/03\/apartamento-calle-sueca-valencia-008-estudiodaes-280x280.jpg 280w, https:\/\/estudiodaes.es\/wp-content\/uploads\/2019\/03\/apartamento-calle-sueca-valencia-008-estudiodaes-768x768.jpg 768w, https:\/\/estudiodaes.es\/wp-content\/uploads\/2019\/03\/apartamento-calle-sueca-valencia-008-estudiodaes-800x800.jpg 800w, https:\/\/estudiodaes.es\/wp-content\/uploads\/2019\/03\/apartamento-calle-sueca-valencia-008-estudiodaes-300x300.jpg 300w, https:\/\/estudiodaes.es\/wp-content\/uploads\/2019\/03\/apartamento-calle-sueca-valencia-008-estudiodaes-600x600.jpg 600w, https:\/\/estudiodaes.es\/wp-content\/uploads\/2019\/03\/apartamento-calle-sueca-valencia-008-estudiodaes-100x100.jpg 100w, https:\/\/estudiodaes.es\/wp-content\/uploads\/2019\/03\/apartamento-calle-sueca-valencia-008-estudiodaes.jpg 963w\" sizes=\"auto, (max-width: 400px) 100vw, 400px\" title=\"\">                                                <\/div>\n            <\/div><!-- box-image -->\n            <div class=\"box-text text-center\" >\n                  <div class=\"box-text-inner\">\n                      <h6 class=\"uppercase portfolio-box-title\">APARTAMENTO URBANO<\/h6>\n                      <p class=\"uppercase portfolio-box-category is-xsmall op-6\">\n                        <span class=\"show-on-hover\">\n                         Viviendas                        <\/span>\n                      <\/p>\n                  <\/div><!-- box-text-inner -->\n            <\/div><!-- box-text -->\n           <\/div><!-- .box  -->\n           <\/a>\n           <\/div><!-- .col-inner -->\n           <\/div><!-- .col -->\n                    <div class=\"col\" data-id=\"Comercial\" >\n          <div class=\"col-inner\" >\n          <a href=\"https:\/\/estudiodaes.es\/en\/proyectos-old\/proyecto-comercial\/proyecto-tienda-sesderma-shangai\/\" class=\"plain \">\n          <div class=\"portfolio-box box has-hover\">\n            <div class=\"box-image\" >\n                <div class=\"image-cover\"style=\"padding-top:100%;\">\n                <img loading=\"lazy\" decoding=\"async\" width=\"400\" height=\"400\" src=\"https:\/\/estudiodaes.es\/wp-content\/uploads\/2019\/07\/sesderma-shangai-02-1-400x400.jpg\" class=\"attachment-medium size-medium\" alt=\"sesderma shangai mostrador recepcion\" srcset=\"https:\/\/estudiodaes.es\/wp-content\/uploads\/2019\/07\/sesderma-shangai-02-1-400x400.jpg 400w, https:\/\/estudiodaes.es\/wp-content\/uploads\/2019\/07\/sesderma-shangai-02-1-280x280.jpg 280w, https:\/\/estudiodaes.es\/wp-content\/uploads\/2019\/07\/sesderma-shangai-02-1-300x300.jpg 300w, https:\/\/estudiodaes.es\/wp-content\/uploads\/2019\/07\/sesderma-shangai-02-1-100x100.jpg 100w, https:\/\/estudiodaes.es\/wp-content\/uploads\/2019\/07\/sesderma-shangai-02-1.jpg 533w\" sizes=\"auto, (max-width: 400px) 100vw, 400px\" title=\"\">                                                <\/div>\n            <\/div><!-- box-image -->\n            <div class=\"box-text text-center\" >\n                  <div class=\"box-text-inner\">\n                      <h6 class=\"uppercase portfolio-box-title\">SESDERMA SHANGAI<\/h6>\n                      <p class=\"uppercase portfolio-box-category is-xsmall op-6\">\n                        <span class=\"show-on-hover\">\n                         Comercial                        <\/span>\n                      <\/p>\n                  <\/div><!-- box-text-inner -->\n            <\/div><!-- box-text -->\n           <\/div><!-- .box  -->\n           <\/a>\n           <\/div><!-- .col-inner -->\n           <\/div><!-- .col -->\n                    <div class=\"col\" data-id=\"Viviendas\" >\n          <div class=\"col-inner\" >\n          <a href=\"https:\/\/estudiodaes.es\/en\/proyectos-old\/proyecto-viviendas\/diseno-apartamento-clara\/\" class=\"plain \">\n          <div class=\"portfolio-box box has-hover\">\n            <div class=\"box-image\" >\n                <div class=\"image-cover\"style=\"padding-top:100%;\">\n                <img loading=\"lazy\" decoding=\"async\" width=\"400\" height=\"400\" src=\"https:\/\/estudiodaes.es\/wp-content\/uploads\/2019\/06\/apartamento-clara-13-1-400x400.jpg\" class=\"attachment-medium size-medium\" alt=\"mesa de comedor integrada en la cocina\" srcset=\"https:\/\/estudiodaes.es\/wp-content\/uploads\/2019\/06\/apartamento-clara-13-1-400x400.jpg 400w, https:\/\/estudiodaes.es\/wp-content\/uploads\/2019\/06\/apartamento-clara-13-1-280x280.jpg 280w, https:\/\/estudiodaes.es\/wp-content\/uploads\/2019\/06\/apartamento-clara-13-1-768x768.jpg 768w, https:\/\/estudiodaes.es\/wp-content\/uploads\/2019\/06\/apartamento-clara-13-1-800x800.jpg 800w, https:\/\/estudiodaes.es\/wp-content\/uploads\/2019\/06\/apartamento-clara-13-1-300x300.jpg 300w, https:\/\/estudiodaes.es\/wp-content\/uploads\/2019\/06\/apartamento-clara-13-1-600x600.jpg 600w, https:\/\/estudiodaes.es\/wp-content\/uploads\/2019\/06\/apartamento-clara-13-1-100x100.jpg 100w, https:\/\/estudiodaes.es\/wp-content\/uploads\/2019\/06\/apartamento-clara-13-1.jpg 1333w\" sizes=\"auto, (max-width: 400px) 100vw, 400px\" title=\"\">                                                <\/div>\n            <\/div><!-- box-image -->\n            <div class=\"box-text text-center\" >\n                  <div class=\"box-text-inner\">\n                      <h6 class=\"uppercase portfolio-box-title\">DISE\u00d1O APARTAMENTO CLARA<\/h6>\n                      <p class=\"uppercase portfolio-box-category is-xsmall op-6\">\n                        <span class=\"show-on-hover\">\n                         Viviendas                        <\/span>\n                      <\/p>\n                  <\/div><!-- box-text-inner -->\n            <\/div><!-- box-text -->\n           <\/div><!-- .box  -->\n           <\/a>\n           <\/div><!-- .col-inner -->\n           <\/div><!-- .col -->\n                    <div class=\"col\" data-id=\"Viviendas\" >\n          <div class=\"col-inner\" >\n          <a href=\"https:\/\/estudiodaes.es\/en\/proyectos-old\/proyecto-viviendas\/decoracion-en-un-apartamento-en-ibiza\/\" class=\"plain \">\n          <div class=\"portfolio-box box has-hover\">\n            <div class=\"box-image\" >\n                <div class=\"image-cover\"style=\"padding-top:100%;\">\n                <img loading=\"lazy\" decoding=\"async\" width=\"400\" height=\"400\" src=\"https:\/\/estudiodaes.es\/wp-content\/uploads\/2019\/05\/Apartamento-Ibiza-400x400.jpg\" class=\"attachment-medium size-medium\" alt=\"Habitacion en tonos claros y mobiliario en madera\" srcset=\"https:\/\/estudiodaes.es\/wp-content\/uploads\/2019\/05\/Apartamento-Ibiza-400x400.jpg 400w, https:\/\/estudiodaes.es\/wp-content\/uploads\/2019\/05\/Apartamento-Ibiza-280x280.jpg 280w, https:\/\/estudiodaes.es\/wp-content\/uploads\/2019\/05\/Apartamento-Ibiza-300x300.jpg 300w, https:\/\/estudiodaes.es\/wp-content\/uploads\/2019\/05\/Apartamento-Ibiza-600x600.jpg 600w, https:\/\/estudiodaes.es\/wp-content\/uploads\/2019\/05\/Apartamento-Ibiza-100x100.jpg 100w, https:\/\/estudiodaes.es\/wp-content\/uploads\/2019\/05\/Apartamento-Ibiza.jpg 683w\" sizes=\"auto, (max-width: 400px) 100vw, 400px\" title=\"\">                                                <\/div>\n            <\/div><!-- box-image -->\n            <div class=\"box-text text-center\" >\n                  <div class=\"box-text-inner\">\n                      <h6 class=\"uppercase portfolio-box-title\">DECORACI\u00d3N EN UN APARTAMENTO EN IBIZA<\/h6>\n                      <p class=\"uppercase portfolio-box-category is-xsmall op-6\">\n                        <span class=\"show-on-hover\">\n                         Viviendas                        <\/span>\n                      <\/p>\n                  <\/div><!-- box-text-inner -->\n            <\/div><!-- box-text -->\n           <\/div><!-- .box  -->\n           <\/a>\n           <\/div><!-- .col-inner -->\n           <\/div><!-- .col -->\n                    <div class=\"col\" data-id=\"Comercial\" >\n          <div class=\"col-inner\" >\n          <a href=\"https:\/\/estudiodaes.es\/en\/proyectos-old\/proyecto-comercial\/ampliacion-clinica-dr-serrano-sesderma\/\" class=\"plain \">\n          <div class=\"portfolio-box box has-hover\">\n            <div class=\"box-image\" >\n                <div class=\"image-cover\"style=\"padding-top:100%;\">\n                <img loading=\"lazy\" decoding=\"async\" width=\"400\" height=\"400\" src=\"https:\/\/estudiodaes.es\/wp-content\/uploads\/2019\/03\/clinica-sesderma-valencia-00-estudiodaes-400x400.jpg\" class=\"attachment-medium size-medium\" alt=\"Pasillo de la Cl\u00ednica del Dr Serrano, proyecto de interiorismo realizado por Estudiodaes\" srcset=\"https:\/\/estudiodaes.es\/wp-content\/uploads\/2019\/03\/clinica-sesderma-valencia-00-estudiodaes-400x400.jpg 400w, https:\/\/estudiodaes.es\/wp-content\/uploads\/2019\/03\/clinica-sesderma-valencia-00-estudiodaes-280x280.jpg 280w, https:\/\/estudiodaes.es\/wp-content\/uploads\/2019\/03\/clinica-sesderma-valencia-00-estudiodaes-768x768.jpg 768w, https:\/\/estudiodaes.es\/wp-content\/uploads\/2019\/03\/clinica-sesderma-valencia-00-estudiodaes.jpg 800w, https:\/\/estudiodaes.es\/wp-content\/uploads\/2019\/03\/clinica-sesderma-valencia-00-estudiodaes-300x300.jpg 300w, https:\/\/estudiodaes.es\/wp-content\/uploads\/2019\/03\/clinica-sesderma-valencia-00-estudiodaes-600x600.jpg 600w, https:\/\/estudiodaes.es\/wp-content\/uploads\/2019\/03\/clinica-sesderma-valencia-00-estudiodaes-100x100.jpg 100w\" sizes=\"auto, (max-width: 400px) 100vw, 400px\" title=\"\">                                                <\/div>\n            <\/div><!-- box-image -->\n            <div class=\"box-text text-center\" >\n                  <div class=\"box-text-inner\">\n                      <h6 class=\"uppercase portfolio-box-title\">CL\u00cdNICA DR. SERRANO<\/h6>\n                      <p class=\"uppercase portfolio-box-category is-xsmall op-6\">\n                        <span class=\"show-on-hover\">\n                         Comercial                        <\/span>\n                      <\/p>\n                  <\/div><!-- box-text-inner -->\n            <\/div><!-- box-text -->\n           <\/div><!-- .box  -->\n           <\/a>\n           <\/div><!-- .col-inner -->\n           <\/div><!-- .col -->\n                    <div class=\"col\" data-id=\"Comercial\" >\n          <div class=\"col-inner\" >\n          <a href=\"https:\/\/estudiodaes.es\/en\/proyectos-old\/proyecto-comercial\/restaurante-be-vivo-en-madrid\/\" class=\"plain \">\n          <div class=\"portfolio-box box has-hover\">\n            <div class=\"box-image\" >\n                <div class=\"image-cover\"style=\"padding-top:100%;\">\n                <img loading=\"lazy\" decoding=\"async\" width=\"400\" height=\"400\" src=\"https:\/\/estudiodaes.es\/wp-content\/uploads\/2019\/03\/proyecto-interiorismo-be-vivo-madrid-13-estudiodaes-400x400.jpg\" class=\"attachment-medium size-medium\" alt=\"Entrada del restaurante Be Vivo, nuestro proyecto de interiorismo en Madrid\" srcset=\"https:\/\/estudiodaes.es\/wp-content\/uploads\/2019\/03\/proyecto-interiorismo-be-vivo-madrid-13-estudiodaes-400x400.jpg 400w, https:\/\/estudiodaes.es\/wp-content\/uploads\/2019\/03\/proyecto-interiorismo-be-vivo-madrid-13-estudiodaes-280x280.jpg 280w, https:\/\/estudiodaes.es\/wp-content\/uploads\/2019\/03\/proyecto-interiorismo-be-vivo-madrid-13-estudiodaes-768x768.jpg 768w, https:\/\/estudiodaes.es\/wp-content\/uploads\/2019\/03\/proyecto-interiorismo-be-vivo-madrid-13-estudiodaes-800x800.jpg 800w, https:\/\/estudiodaes.es\/wp-content\/uploads\/2019\/03\/proyecto-interiorismo-be-vivo-madrid-13-estudiodaes-300x300.jpg 300w, https:\/\/estudiodaes.es\/wp-content\/uploads\/2019\/03\/proyecto-interiorismo-be-vivo-madrid-13-estudiodaes-600x600.jpg 600w, https:\/\/estudiodaes.es\/wp-content\/uploads\/2019\/03\/proyecto-interiorismo-be-vivo-madrid-13-estudiodaes-100x100.jpg 100w, https:\/\/estudiodaes.es\/wp-content\/uploads\/2019\/03\/proyecto-interiorismo-be-vivo-madrid-13-estudiodaes.jpg 1000w\" sizes=\"auto, (max-width: 400px) 100vw, 400px\" title=\"\">                                                <\/div>\n            <\/div><!-- box-image -->\n            <div class=\"box-text text-center\" >\n                  <div class=\"box-text-inner\">\n                      <h6 class=\"uppercase portfolio-box-title\">RESTAURANTE BE VIVO<\/h6>\n                      <p class=\"uppercase portfolio-box-category is-xsmall op-6\">\n                        <span class=\"show-on-hover\">\n                         Comercial                        <\/span>\n                      <\/p>\n                  <\/div><!-- box-text-inner -->\n            <\/div><!-- box-text -->\n           <\/div><!-- .box  -->\n           <\/a>\n           <\/div><!-- .col-inner -->\n           <\/div><!-- .col -->\n                    <div class=\"col\" data-id=\"Comercial\" >\n          <div class=\"col-inner\" >\n          <a href=\"https:\/\/estudiodaes.es\/en\/proyectos-old\/proyecto-comercial\/proyecto-de-interiorismo-spa\/\" class=\"plain \">\n          <div class=\"portfolio-box box has-hover\">\n            <div class=\"box-image\" >\n                <div class=\"image-cover\"style=\"padding-top:100%;\">\n                <img loading=\"lazy\" decoding=\"async\" width=\"400\" height=\"400\" src=\"https:\/\/estudiodaes.es\/wp-content\/uploads\/2019\/03\/centro-wellness-dr-serrano-03-400x400.jpg\" class=\"attachment-medium size-medium\" alt=\"proyecto interiorismo clinica sesderma en valencia\" srcset=\"https:\/\/estudiodaes.es\/wp-content\/uploads\/2019\/03\/centro-wellness-dr-serrano-03-400x400.jpg 400w, https:\/\/estudiodaes.es\/wp-content\/uploads\/2019\/03\/centro-wellness-dr-serrano-03-280x280.jpg 280w, https:\/\/estudiodaes.es\/wp-content\/uploads\/2019\/03\/centro-wellness-dr-serrano-03-768x768.jpg 768w, https:\/\/estudiodaes.es\/wp-content\/uploads\/2019\/03\/centro-wellness-dr-serrano-03-800x800.jpg 800w, https:\/\/estudiodaes.es\/wp-content\/uploads\/2019\/03\/centro-wellness-dr-serrano-03-300x300.jpg 300w, https:\/\/estudiodaes.es\/wp-content\/uploads\/2019\/03\/centro-wellness-dr-serrano-03-600x600.jpg 600w, https:\/\/estudiodaes.es\/wp-content\/uploads\/2019\/03\/centro-wellness-dr-serrano-03-100x100.jpg 100w, https:\/\/estudiodaes.es\/wp-content\/uploads\/2019\/03\/centro-wellness-dr-serrano-03.jpg 1000w\" sizes=\"auto, (max-width: 400px) 100vw, 400px\" title=\"\">                                                <\/div>\n            <\/div><!-- box-image -->\n            <div class=\"box-text text-center\" >\n                  <div class=\"box-text-inner\">\n                      <h6 class=\"uppercase portfolio-box-title\">CENTRO WELLNESS<\/h6>\n                      <p class=\"uppercase portfolio-box-category is-xsmall op-6\">\n                        <span class=\"show-on-hover\">\n                         Comercial                        <\/span>\n                      <\/p>\n                  <\/div><!-- box-text-inner -->\n            <\/div><!-- box-text -->\n           <\/div><!-- .box  -->\n           <\/a>\n           <\/div><!-- .col-inner -->\n           <\/div><!-- .col -->\n                    <div class=\"col\" data-id=\"Viviendas\" >\n          <div class=\"col-inner\" >\n          <a href=\"https:\/\/estudiodaes.es\/en\/proyectos-old\/proyecto-viviendas\/proyecto-plaza-tetuan\/\" class=\"plain \">\n          <div class=\"portfolio-box box has-hover\">\n            <div class=\"box-image\" >\n                <div class=\"image-cover\"style=\"padding-top:100%;\">\n                <img loading=\"lazy\" decoding=\"async\" width=\"400\" height=\"400\" src=\"https:\/\/estudiodaes.es\/wp-content\/uploads\/2019\/03\/salon-proyecto-decoracion-interiorismo-ambiente-estudiodaes-28-estudiodaes-400x400.jpg\" class=\"attachment-medium size-medium\" alt=\"separador del sal\u00f3n en el proyecto de interiorismo de vivienda en la plaza de Tetuan en Valencia\" srcset=\"https:\/\/estudiodaes.es\/wp-content\/uploads\/2019\/03\/salon-proyecto-decoracion-interiorismo-ambiente-estudiodaes-28-estudiodaes-400x400.jpg 400w, https:\/\/estudiodaes.es\/wp-content\/uploads\/2019\/03\/salon-proyecto-decoracion-interiorismo-ambiente-estudiodaes-28-estudiodaes-280x280.jpg 280w, https:\/\/estudiodaes.es\/wp-content\/uploads\/2019\/03\/salon-proyecto-decoracion-interiorismo-ambiente-estudiodaes-28-estudiodaes-768x768.jpg 768w, https:\/\/estudiodaes.es\/wp-content\/uploads\/2019\/03\/salon-proyecto-decoracion-interiorismo-ambiente-estudiodaes-28-estudiodaes-800x800.jpg 800w, https:\/\/estudiodaes.es\/wp-content\/uploads\/2019\/03\/salon-proyecto-decoracion-interiorismo-ambiente-estudiodaes-28-estudiodaes-300x300.jpg 300w, https:\/\/estudiodaes.es\/wp-content\/uploads\/2019\/03\/salon-proyecto-decoracion-interiorismo-ambiente-estudiodaes-28-estudiodaes-600x600.jpg 600w, https:\/\/estudiodaes.es\/wp-content\/uploads\/2019\/03\/salon-proyecto-decoracion-interiorismo-ambiente-estudiodaes-28-estudiodaes-100x100.jpg 100w, https:\/\/estudiodaes.es\/wp-content\/uploads\/2019\/03\/salon-proyecto-decoracion-interiorismo-ambiente-estudiodaes-28-estudiodaes.jpg 1000w\" sizes=\"auto, (max-width: 400px) 100vw, 400px\" title=\"\">                                                <\/div>\n            <\/div><!-- box-image -->\n            <div class=\"box-text text-center\" >\n                  <div class=\"box-text-inner\">\n                      <h6 class=\"uppercase portfolio-box-title\">PROYECTO PLAZA TETUAN<\/h6>\n                      <p class=\"uppercase portfolio-box-category is-xsmall op-6\">\n                        <span class=\"show-on-hover\">\n                         Viviendas                        <\/span>\n                      <\/p>\n                  <\/div><!-- box-text-inner -->\n            <\/div><!-- box-text -->\n           <\/div><!-- .box  -->\n           <\/a>\n           <\/div><!-- .col-inner -->\n           <\/div><!-- .col -->\n                    <div class=\"col\" data-id=\"Residencial, Viviendas\" >\n          <div class=\"col-inner\" >\n          <a href=\"https:\/\/estudiodaes.es\/en\/proyectos-old\/residencial,proyecto-viviendas\/casa-monasterios\/\" class=\"plain \">\n          <div class=\"portfolio-box box has-hover\">\n            <div class=\"box-image\" >\n                <div class=\"image-cover\"style=\"padding-top:100%;\">\n                <img loading=\"lazy\" decoding=\"async\" width=\"398\" height=\"400\" src=\"https:\/\/estudiodaes.es\/wp-content\/uploads\/2021\/02\/piscina-proyecto-decoracion-interiorismo-ambiente-estudiodaes-24-e1614597323130-398x400.jpg\" class=\"attachment-medium size-medium\" alt=\"construir un chalet\" srcset=\"https:\/\/estudiodaes.es\/wp-content\/uploads\/2021\/02\/piscina-proyecto-decoracion-interiorismo-ambiente-estudiodaes-24-e1614597323130-398x400.jpg 398w, https:\/\/estudiodaes.es\/wp-content\/uploads\/2021\/02\/piscina-proyecto-decoracion-interiorismo-ambiente-estudiodaes-24-e1614597323130-280x280.jpg 280w, https:\/\/estudiodaes.es\/wp-content\/uploads\/2021\/02\/piscina-proyecto-decoracion-interiorismo-ambiente-estudiodaes-24-e1614597323130-768x771.jpg 768w, https:\/\/estudiodaes.es\/wp-content\/uploads\/2021\/02\/piscina-proyecto-decoracion-interiorismo-ambiente-estudiodaes-24-e1614597323130.jpg 796w\" sizes=\"auto, (max-width: 398px) 100vw, 398px\" title=\"\">                                                <\/div>\n            <\/div><!-- box-image -->\n            <div class=\"box-text text-center\" >\n                  <div class=\"box-text-inner\">\n                      <h6 class=\"uppercase portfolio-box-title\">CASA MONASTERIOS<\/h6>\n                      <p class=\"uppercase portfolio-box-category is-xsmall op-6\">\n                        <span class=\"show-on-hover\">\n                         Residencial, Viviendas                        <\/span>\n                      <\/p>\n                  <\/div><!-- box-text-inner -->\n            <\/div><!-- box-text -->\n           <\/div><!-- .box  -->\n           <\/a>\n           <\/div><!-- .col-inner -->\n           <\/div><!-- .col -->\n                    <div class=\"col\" data-id=\"Viviendas\" >\n          <div class=\"col-inner\" >\n          <a href=\"https:\/\/estudiodaes.es\/en\/proyectos-old\/proyecto-viviendas\/vivienda-ensanche\/\" class=\"plain \">\n          <div class=\"portfolio-box box has-hover\">\n            <div class=\"box-image\" >\n                <div class=\"image-cover\"style=\"padding-top:100%;\">\n                <img loading=\"lazy\" decoding=\"async\" width=\"400\" height=\"400\" src=\"https:\/\/estudiodaes.es\/wp-content\/uploads\/2019\/03\/proyecto-ensanche-arquitectura-interiorismo-valencia-1008-1-400x400.jpg\" class=\"attachment-medium size-medium\" alt=\"\" srcset=\"https:\/\/estudiodaes.es\/wp-content\/uploads\/2019\/03\/proyecto-ensanche-arquitectura-interiorismo-valencia-1008-1.jpg 400w, https:\/\/estudiodaes.es\/wp-content\/uploads\/2019\/03\/proyecto-ensanche-arquitectura-interiorismo-valencia-1008-1-280x280.jpg 280w, https:\/\/estudiodaes.es\/wp-content\/uploads\/2019\/03\/proyecto-ensanche-arquitectura-interiorismo-valencia-1008-1-300x300.jpg 300w, https:\/\/estudiodaes.es\/wp-content\/uploads\/2019\/03\/proyecto-ensanche-arquitectura-interiorismo-valencia-1008-1-100x100.jpg 100w\" sizes=\"auto, (max-width: 400px) 100vw, 400px\" title=\"\">                                                <\/div>\n            <\/div><!-- box-image -->\n            <div class=\"box-text text-center\" >\n                  <div class=\"box-text-inner\">\n                      <h6 class=\"uppercase portfolio-box-title\">VIVIENDA ENSANCHE<\/h6>\n                      <p class=\"uppercase portfolio-box-category is-xsmall op-6\">\n                        <span class=\"show-on-hover\">\n                         Viviendas                        <\/span>\n                      <\/p>\n                  <\/div><!-- box-text-inner -->\n            <\/div><!-- box-text -->\n           <\/div><!-- .box  -->\n           <\/a>\n           <\/div><!-- .col-inner -->\n           <\/div><!-- .col -->\n                    <div class=\"col\" data-id=\"Viviendas\" >\n          <div class=\"col-inner\" >\n          <a href=\"https:\/\/estudiodaes.es\/en\/proyectos-old\/proyecto-viviendas\/vivienda-malilla\/\" class=\"plain \">\n          <div class=\"portfolio-box box has-hover\">\n            <div class=\"box-image\" >\n                <div class=\"image-cover\"style=\"padding-top:100%;\">\n                <img loading=\"lazy\" decoding=\"async\" width=\"400\" height=\"400\" src=\"https:\/\/estudiodaes.es\/wp-content\/uploads\/2019\/03\/vivienda-malilla-interiorismo-arquitectura-valencia-003-400x400.jpg\" class=\"attachment-medium size-medium\" alt=\"\" srcset=\"https:\/\/estudiodaes.es\/wp-content\/uploads\/2019\/03\/vivienda-malilla-interiorismo-arquitectura-valencia-003.jpg 400w, https:\/\/estudiodaes.es\/wp-content\/uploads\/2019\/03\/vivienda-malilla-interiorismo-arquitectura-valencia-003-280x280.jpg 280w, https:\/\/estudiodaes.es\/wp-content\/uploads\/2019\/03\/vivienda-malilla-interiorismo-arquitectura-valencia-003-300x300.jpg 300w, https:\/\/estudiodaes.es\/wp-content\/uploads\/2019\/03\/vivienda-malilla-interiorismo-arquitectura-valencia-003-100x100.jpg 100w\" sizes=\"auto, (max-width: 400px) 100vw, 400px\" title=\"\">                                                <\/div>\n            <\/div><!-- box-image -->\n            <div class=\"box-text text-center\" >\n                  <div class=\"box-text-inner\">\n                      <h6 class=\"uppercase portfolio-box-title\">VIVIENDA MALILLA<\/h6>\n                      <p class=\"uppercase portfolio-box-category is-xsmall op-6\">\n                        <span class=\"show-on-hover\">\n                         Viviendas                        <\/span>\n                      <\/p>\n                  <\/div><!-- box-text-inner -->\n            <\/div><!-- box-text -->\n           <\/div><!-- .box  -->\n           <\/a>\n           <\/div><!-- .col-inner -->\n           <\/div><!-- .col -->\n                    <div class=\"col\" data-id=\"Viviendas\" >\n          <div class=\"col-inner\" >\n          <a href=\"https:\/\/estudiodaes.es\/en\/proyectos-old\/proyecto-viviendas\/proyecto-gran-via\/\" class=\"plain \">\n          <div class=\"portfolio-box box has-hover\">\n            <div class=\"box-image\" >\n                <div class=\"image-cover\"style=\"padding-top:100%;\">\n                <img loading=\"lazy\" decoding=\"async\" width=\"400\" height=\"400\" src=\"https:\/\/estudiodaes.es\/wp-content\/uploads\/2019\/03\/0000-proyecto-gran-via-400x400.jpg\" class=\"attachment-medium size-medium\" alt=\"\" srcset=\"https:\/\/estudiodaes.es\/wp-content\/uploads\/2019\/03\/0000-proyecto-gran-via.jpg 400w, https:\/\/estudiodaes.es\/wp-content\/uploads\/2019\/03\/0000-proyecto-gran-via-280x280.jpg 280w, https:\/\/estudiodaes.es\/wp-content\/uploads\/2019\/03\/0000-proyecto-gran-via-300x300.jpg 300w, https:\/\/estudiodaes.es\/wp-content\/uploads\/2019\/03\/0000-proyecto-gran-via-100x100.jpg 100w\" sizes=\"auto, (max-width: 400px) 100vw, 400px\" title=\"\">                                                <\/div>\n            <\/div><!-- box-image -->\n            <div class=\"box-text text-center\" >\n                  <div class=\"box-text-inner\">\n                      <h6 class=\"uppercase portfolio-box-title\">PROYECTO GRAN V\u00cdA<\/h6>\n                      <p class=\"uppercase portfolio-box-category is-xsmall op-6\">\n                        <span class=\"show-on-hover\">\n                         Viviendas                        <\/span>\n                      <\/p>\n                  <\/div><!-- box-text-inner -->\n            <\/div><!-- box-text -->\n           <\/div><!-- .box  -->\n           <\/a>\n           <\/div><!-- .col-inner -->\n           <\/div><!-- .col -->\n                    <div class=\"col\" data-id=\"Comercial\" >\n          <div class=\"col-inner\" >\n          <a href=\"https:\/\/estudiodaes.es\/en\/proyectos-old\/proyecto-comercial\/tienda-sesfashion-gran-via\/\" class=\"plain \">\n          <div class=\"portfolio-box box has-hover\">\n            <div class=\"box-image\" >\n                <div class=\"image-cover\"style=\"padding-top:100%;\">\n                <img loading=\"lazy\" decoding=\"async\" width=\"400\" height=\"400\" src=\"https:\/\/estudiodaes.es\/wp-content\/uploads\/2019\/03\/tienda-sesfashion-gran-via-04-estudiodaes-400x400.jpg\" class=\"attachment-medium size-medium\" alt=\"L\u00e1mpara de la tienda Sesfashion en la gran V\u00eda en Valencia, proyecto de interiorismo\" srcset=\"https:\/\/estudiodaes.es\/wp-content\/uploads\/2019\/03\/tienda-sesfashion-gran-via-04-estudiodaes-400x400.jpg 400w, https:\/\/estudiodaes.es\/wp-content\/uploads\/2019\/03\/tienda-sesfashion-gran-via-04-estudiodaes-280x280.jpg 280w, https:\/\/estudiodaes.es\/wp-content\/uploads\/2019\/03\/tienda-sesfashion-gran-via-04-estudiodaes-768x768.jpg 768w, https:\/\/estudiodaes.es\/wp-content\/uploads\/2019\/03\/tienda-sesfashion-gran-via-04-estudiodaes-800x800.jpg 800w, https:\/\/estudiodaes.es\/wp-content\/uploads\/2019\/03\/tienda-sesfashion-gran-via-04-estudiodaes-300x300.jpg 300w, https:\/\/estudiodaes.es\/wp-content\/uploads\/2019\/03\/tienda-sesfashion-gran-via-04-estudiodaes-600x600.jpg 600w, https:\/\/estudiodaes.es\/wp-content\/uploads\/2019\/03\/tienda-sesfashion-gran-via-04-estudiodaes-100x100.jpg 100w\" sizes=\"auto, (max-width: 400px) 100vw, 400px\" title=\"\">                                                <\/div>\n            <\/div><!-- box-image -->\n            <div class=\"box-text text-center\" >\n                  <div class=\"box-text-inner\">\n                      <h6 class=\"uppercase portfolio-box-title\">TIENDA SESFASHION<\/h6>\n                      <p class=\"uppercase portfolio-box-category is-xsmall op-6\">\n                        <span class=\"show-on-hover\">\n                         Comercial                        <\/span>\n                      <\/p>\n                  <\/div><!-- box-text-inner -->\n            <\/div><!-- box-text -->\n           <\/div><!-- .box  -->\n           <\/a>\n           <\/div><!-- .col-inner -->\n           <\/div><!-- .col -->\n                    <div class=\"col\" data-id=\"Comercial\" >\n          <div class=\"col-inner\" >\n          <a href=\"https:\/\/estudiodaes.es\/en\/proyectos-old\/proyecto-comercial\/proyecto-integral-de-interiorismo\/\" class=\"plain \">\n          <div class=\"portfolio-box box has-hover\">\n            <div class=\"box-image\" >\n                <div class=\"image-cover\"style=\"padding-top:100%;\">\n                <img loading=\"lazy\" decoding=\"async\" width=\"400\" height=\"400\" src=\"https:\/\/estudiodaes.es\/wp-content\/uploads\/2019\/03\/proyecto-restaurante-mondo-interiorismo-estudiodaes-400x400.jpg\" class=\"attachment-medium size-medium\" alt=\"Detalle de pared decorada con molduras del restaurante Mondo en San Vi\u00e7ent del Raspeig\" srcset=\"https:\/\/estudiodaes.es\/wp-content\/uploads\/2019\/03\/proyecto-restaurante-mondo-interiorismo-estudiodaes-400x400.jpg 400w, https:\/\/estudiodaes.es\/wp-content\/uploads\/2019\/03\/proyecto-restaurante-mondo-interiorismo-estudiodaes-280x280.jpg 280w, https:\/\/estudiodaes.es\/wp-content\/uploads\/2019\/03\/proyecto-restaurante-mondo-interiorismo-estudiodaes-300x300.jpg 300w, https:\/\/estudiodaes.es\/wp-content\/uploads\/2019\/03\/proyecto-restaurante-mondo-interiorismo-estudiodaes-100x100.jpg 100w, https:\/\/estudiodaes.es\/wp-content\/uploads\/2019\/03\/proyecto-restaurante-mondo-interiorismo-estudiodaes.jpg 406w\" sizes=\"auto, (max-width: 400px) 100vw, 400px\" title=\"\">                                                <\/div>\n            <\/div><!-- box-image -->\n            <div class=\"box-text text-center\" >\n                  <div class=\"box-text-inner\">\n                      <h6 class=\"uppercase portfolio-box-title\">RESTAURANTE MONDO ALICANTE<\/h6>\n                      <p class=\"uppercase portfolio-box-category is-xsmall op-6\">\n                        <span class=\"show-on-hover\">\n                         Comercial                        <\/span>\n                      <\/p>\n                  <\/div><!-- box-text-inner -->\n            <\/div><!-- box-text -->\n           <\/div><!-- .box  -->\n           <\/a>\n           <\/div><!-- .col-inner -->\n           <\/div><!-- .col -->\n          <\/div><\/div>\n<style scope=\"scope\">\n\n<\/style>\n\n\t<section class=\"section\" id=\"section_856070631\">\n\t\t<div class=\"bg section-bg fill bg-fill  bg-loaded\" >\n\n\t\t\t\n\t\t\t\n\t\t\t\n\n\t\t<\/div><!-- .section-bg -->\n\n\t\t<div class=\"section-content relative\">\n\t\t\t\n<p>Nuestro portfolio de <strong data-start=\"251\" data-end=\"316\">proyectos de interiorismo y decoraci\u00f3n en Valencia<\/strong> muestra c\u00f3mo cada espacio puede convertirse en una experiencia \u00fanica y funcional. Desde <strong data-start=\"405\" data-end=\"448\">viviendas que combinan estilo y confort<\/strong>, hasta <strong data-start=\"456\" data-end=\"499\">oficinas optimizadas para productividad<\/strong> y <strong data-start=\"502\" data-end=\"574\">locales comerciales donde el dise\u00f1o refleja la identidad de la marca<\/strong>, cada proyecto integra planificaci\u00f3n estrat\u00e9gica, selecci\u00f3n de materiales, mobiliario a medida y supervisi\u00f3n completa de obra. Nuestro enfoque combina <strong data-start=\"726\" data-end=\"779\">creatividad, criterio t\u00e9cnico y soluciones reales<\/strong>, asegurando resultados est\u00e9ticos, duraderos y adaptados a las necesidades de quienes usan el espacio. Cada intervenci\u00f3n refleja un equilibrio entre dise\u00f1o inteligente y funcionalidad, maximizando el potencial de cada metro cuadrado. Explorar nuestro portfolio es descubrir c\u00f3mo <strong data-start=\"1058\" data-end=\"1073\">Estudiodaes<\/strong> transforma ideas complejas en proyectos de interiorismo tangibles, innovadores y cuidadosamente ejecutados, ofreciendo espacios que inspiran, funcionan y perduran en el tiempo.<\/p>\n\t\t<\/div><!-- .section-content -->\n\n\t\t\n<style scope=\"scope\">\n\n#section_856070631 {\n  padding-top: 30px;\n  padding-bottom: 30px;\n}\n<\/style>\n\t<\/section>\n\t\n","protected":false},"excerpt":{"rendered":"","protected":false},"author":1,"featured_media":0,"parent":0,"menu_order":0,"comment_status":"closed","ping_status":"closed","template":"","meta":{"footnotes":""},"class_list":["post-5468","page","type-page","status-publish","hentry"],"_links":{"self":[{"href":"https:\/\/estudiodaes.es\/en\/wp-json\/wp\/v2\/pages\/5468","targetHints":{"allow":["GET"]}}],"collection":[{"href":"https:\/\/estudiodaes.es\/en\/wp-json\/wp\/v2\/pages"}],"about":[{"href":"https:\/\/estudiodaes.es\/en\/wp-json\/wp\/v2\/types\/page"}],"author":[{"embeddable":true,"href":"https:\/\/estudiodaes.es\/en\/wp-json\/wp\/v2\/users\/1"}],"replies":[{"embeddable":true,"href":"https:\/\/estudiodaes.es\/en\/wp-json\/wp\/v2\/comments?post=5468"}],"version-history":[{"count":13,"href":"https:\/\/estudiodaes.es\/en\/wp-json\/wp\/v2\/pages\/5468\/revisions"}],"predecessor-version":[{"id":11209,"href":"https:\/\/estudiodaes.es\/en\/wp-json\/wp\/v2\/pages\/5468\/revisions\/11209"}],"wp:attachment":[{"href":"https:\/\/estudiodaes.es\/en\/wp-json\/wp\/v2\/media?parent=5468"}],"curies":[{"name":"wp","href":"https:\/\/api.w.org\/{rel}","templated":true}]}}